{"version":"1.0","provider_name":"SONAMI :: Sociedad Nacional de Miner\u00eda - Chile","provider_url":"https:\/\/www.sonami.cl\/v2","title":"Presidente de SONAMI con vicepresidente ejecutivo de Enami - SONAMI :: Sociedad Nacional de Miner\u00eda - Chile","type":"rich","width":600,"height":338,"html":"<blockquote class=\"wp-embedded-content\" data-secret=\"EOAgv35mfV\"><a href=\"https:\/\/www.sonami.cl\/v2\/noticias\/presidente-de-sonami-con-vicepresidente-ejecutivo-de-enami\/\">Presidente de SONAMI con vicepresidente ejecutivo de Enami<\/a><\/blockquote><iframe sandbox=\"allow-scripts\" security=\"restricted\" src=\"https:\/\/www.sonami.cl\/v2\/noticias\/presidente-de-sonami-con-vicepresidente-ejecutivo-de-enami\/embed\/#?secret=EOAgv35mfV\" width=\"600\" height=\"338\" title=\"\u00abPresidente de SONAMI con vicepresidente ejecutivo de Enami\u00bb \u2014 SONAMI :: Sociedad Nacional de Miner\u00eda - Chile\" data-secret=\"EOAgv35mfV\" frameborder=\"0\" marginwidth=\"0\" marginheight=\"0\" scrolling=\"no\" class=\"wp-embedded-content\"><\/iframe><script>\n\/*! This file is auto-generated *\/\n!function(d,l){\"use strict\";l.querySelector&&d.addEventListener&&\"undefined\"!=typeof URL&&(d.wp=d.wp||{},d.wp.receiveEmbedMessage||(d.wp.receiveEmbedMessage=function(e){var t=e.data;if((t||t.secret||t.message||t.value)&&!\/[^a-zA-Z0-9]\/.test(t.secret)){for(var s,r,n,a=l.querySelectorAll('iframe[data-secret=\"'+t.secret+'\"]'),o=l.querySelectorAll('blockquote[data-secret=\"'+t.secret+'\"]'),c=new RegExp(\"^https?:$\",\"i\"),i=0;i<o.length;i++)o[i].style.display=\"none\";for(i=0;i<a.length;i++)s=a[i],e.source===s.contentWindow&&(s.removeAttribute(\"style\"),\"height\"===t.message?(1e3<(r=parseInt(t.value,10))?r=1e3:~~r<200&&(r=200),s.height=r):\"link\"===t.message&&(r=new URL(s.getAttribute(\"src\")),n=new URL(t.value),c.test(n.protocol))&&n.host===r.host&&l.activeElement===s&&(d.top.location.href=t.value))}},d.addEventListener(\"message\",d.wp.receiveEmbedMessage,!1),l.addEventListener(\"DOMContentLoaded\",function(){for(var e,t,s=l.querySelectorAll(\"iframe.wp-embedded-content\"),r=0;r<s.length;r++)(t=(e=s[r]).getAttribute(\"data-secret\"))||(t=Math.random().toString(36).substring(2,12),e.src+=\"#?secret=\"+t,e.setAttribute(\"data-secret\",t)),e.contentWindow.postMessage({message:\"ready\",secret:t},\"*\")},!1)))}(window,document);\n\/\/# sourceURL=https:\/\/www.sonami.cl\/v2\/wp-includes\/js\/wp-embed.min.js\n<\/script>\n","description":"El presidente de SONAMI, Alberto Salas, se reuni\u00f3 con el nuevo vicepresidente ejecutivo de Enami, Jaime P\u00e9rez de Arce, ocasi\u00f3n en que le brind\u00f3 el apoyo del gremio minero para abordar los desaf\u00edos que enfrenta la empresa estatal. \u201cSus condiciones profesionales y humanas y, por cierto, su dilatada experiencia y conocimiento de la Enami nos &hellip; Continuar leyendo \"\""}